{"id":992,"date":"2024-10-09T13:46:47","date_gmt":"2024-10-09T13:46:47","guid":{"rendered":"https:\/\/arttherapyfestival.org\/home\/"},"modified":"2025-10-01T10:57:30","modified_gmt":"2025-10-01T10:57:30","slug":"home","status":"publish","type":"page","link":"https:\/\/arttherapyfestival.org\/cs\/","title":{"rendered":"Home"},"content":{"rendered":"<p>[et_pb_section fb_built=&#8220;1&#8243; admin_label=&#8220;Header&#8220; _builder_version=&#8220;4.27.2&#8243; _module_preset=&#8220;default&#8220; background_color=&#8220;gcid-d15821fb-ca65-4f29-bfd5-ea044f046af4&#8243; background_image=&#8220;https:\/\/arttherapyfestival.org\/wp-content\/uploads\/2024\/11\/WATF-MainWeb-scaled.jpg&#8220; background_position=&#8220;top_center&#8220; background_vertical_offset=&#8220;0%&#8220; min_height=&#8220;475px&#8220; min_height_tablet=&#8220;475px&#8220; min_height_phone=&#8220;100px&#8220; min_height_last_edited=&#8220;on|phone&#8220; height=&#8220;100px&#8220; custom_padding=&#8220;6vw||6vw||true|false&#8220; background_last_edited=&#8220;on|phone&#8220; background_size_phone=&#8220;contain&#8220; background_position_phone=&#8220;center_left&#8220; da_disable_devices=&#8220;off|off|off&#8220; locked=&#8220;off&#8220; collapsed=&#8220;on&#8220; global_colors_info=&#8220;{%22gcid-d15821fb-ca65-4f29-bfd5-ea044f046af4%22:%91%22background_color%22%93}&#8220; da_is_popup=&#8220;off&#8220; da_exit_intent=&#8220;off&#8220; da_has_close=&#8220;on&#8220; da_alt_close=&#8220;off&#8220; da_dark_close=&#8220;off&#8220; da_not_modal=&#8220;on&#8220; da_is_singular=&#8220;off&#8220; da_with_loader=&#8220;off&#8220; da_has_shadow=&#8220;on&#8220;][et_pb_row column_structure=&#8220;1_2,1_2&#8243; disabled_on=&#8220;on|on|on&#8220; _builder_version=&#8220;4.27.2&#8243; _module_preset=&#8220;default&#8220; min_height=&#8220;155px&#8220; custom_margin=&#8220;197px|auto||auto||&#8220; custom_margin_tablet=&#8220;197px|auto||auto||&#8220; custom_margin_phone=&#8220;72px||||false|false&#8220; custom_margin_last_edited=&#8220;on|phone&#8220; custom_padding=&#8220;||||false|false&#8220; disabled=&#8220;on&#8220; global_colors_info=&#8220;{}&#8220;][et_pb_column type=&#8220;1_2&#8243; _builder_version=&#8220;4.27.2&#8243; _module_preset=&#8220;default&#8220; global_colors_info=&#8220;{}&#8220;][et_pb_button button_url=&#8220;https:\/\/arttherapyfestival.org\/cs\/pokyny-pro-registraci\/&#8220; button_text=&#8220;P\u0158IHLA\u0160TE SE ZDE&#8220; button_alignment=&#8220;center&#8220; _builder_version=&#8220;4.27.2&#8243; _module_preset=&#8220;default&#8220; custom_button=&#8220;on&#8220; button_text_color=&#8220;gcid-heading-color&#8220; button_bg_color=&#8220;rgba(249,175,255,0.91)&#8220; button_border_radius=&#8220;40px&#8220; custom_margin=&#8220;||5px||false|false&#8220; global_colors_info=&#8220;{%22gcid-heading-color%22:%91%22button_text_color%22%93}&#8220;][\/et_pb_button][et_pb_text _builder_version=&#8220;4.27.2&#8243; _module_preset=&#8220;default&#8220; text_text_color=&#8220;#FFFFFF&#8220; text_orientation=&#8220;center&#8220; text_text_color_tablet=&#8220;#FFFFFF&#8220; text_text_color_phone=&#8220;gcid-d15821fb-ca65-4f29-bfd5-ea044f046af4&#8243; text_text_color_last_edited=&#8220;on|phone&#8220; global_colors_info=&#8220;{%22gcid-d15821fb-ca65-4f29-bfd5-ea044f046af4%22:%91%22text_text_color_phone%22%93}&#8220;]<\/p>\n<p><strong>PRODLOU\u017dEN\u00c1 LH\u016eTA PRO V\u010cASNOU REGISTRACI<\/strong><\/p>\n<p>[\/et_pb_text][\/et_pb_column][et_pb_column type=&#8220;1_2&#8243; _builder_version=&#8220;4.27.2&#8243; _module_preset=&#8220;default&#8220; global_colors_info=&#8220;{}&#8220;][et_pb_button button_url=&#8220;https:\/\/www.czech-in.org\/cmPortalv15\/Searchable\/watf25\/config\/normal#!sessionschedule&#8220; url_new_window=&#8220;on&#8220; button_text=&#8220;PODROBN\u00dd PROGRAM&#8220; button_alignment=&#8220;center&#8220; _builder_version=&#8220;4.27.2&#8243; _module_preset=&#8220;default&#8220; custom_button=&#8220;on&#8220; button_text_color=&#8220;gcid-heading-color&#8220; button_bg_color=&#8220;rgba(249,175,255,0.91)&#8220; button_border_radius=&#8220;40px&#8220; custom_margin=&#8220;||5px||false|false&#8220; global_colors_info=&#8220;{%22gcid-heading-color%22:%91%22button_text_color%22%93}&#8220;][\/et_pb_button][et_pb_text _builder_version=&#8220;4.27.2&#8243; _module_preset=&#8220;default&#8220; text_text_color=&#8220;#FFFFFF&#8220; text_orientation=&#8220;center&#8220; text_text_color_tablet=&#8220;#FFFFFF&#8220; text_text_color_phone=&#8220;gcid-d15821fb-ca65-4f29-bfd5-ea044f046af4&#8243; text_text_color_last_edited=&#8220;on|phone&#8220; global_colors_info=&#8220;{%22gcid-d15821fb-ca65-4f29-bfd5-ea044f046af4%22:%91%22text_text_color_phone%22%93}&#8220;]<\/p>\n<p><strong>JE ZVE\u0158EJN\u011aN PODROBN\u00dd INTERAKTIVN\u00cd PROGRAM<\/strong><\/p>\n<p>[\/et_pb_text][\/et_pb_column][\/et_pb_row][\/et_pb_section][et_pb_section fb_built=&#8220;1&#8243; admin_label=&#8220;Call to Action&#8220; _builder_version=&#8220;4.27.2&#8243; _module_preset=&#8220;default&#8220; background_color=&#8220;rgba(255,255,255,0.89)&#8220; background_image=&#8220;https:\/\/arttherapyfestival.org\/wp-content\/uploads\/2024\/10\/wolfskin13_statue_colorful_art_art_figures_or_symbols_dance_pai_8ac28ab8-59e8-44b3-a049-faac17b3f2173.jpg&#8220; background_blend=&#8220;soft-light&#8220; custom_padding=&#8220;20px||1px|||&#8220; da_disable_devices=&#8220;off|off|off&#8220; collapsed=&#8220;on&#8220; global_colors_info=&#8220;{}&#8220; da_is_popup=&#8220;off&#8220; da_exit_intent=&#8220;off&#8220; da_has_close=&#8220;on&#8220; da_alt_close=&#8220;off&#8220; da_dark_close=&#8220;off&#8220; da_not_modal=&#8220;on&#8220; da_is_singular=&#8220;off&#8220; da_with_loader=&#8220;off&#8220; da_has_shadow=&#8220;on&#8220;][et_pb_row disabled_on=&#8220;off|off|off&#8220; _builder_version=&#8220;4.27.2&#8243; _module_preset=&#8220;default&#8220; background_color=&#8220;#5e0049&#8243; background_image=&#8220;https:\/\/arttherapyfestival.org\/wp-content\/uploads\/2024\/10\/f1332384-275d-43cf-92b0-b55982780304-3.jpg&#8220; background_position=&#8220;top_left&#8220; background_horizontal_offset=&#8220;0%&#8220; background_vertical_offset=&#8220;40%&#8220; background_blend=&#8220;soft-light&#8220; custom_margin=&#8220;-67px||25px||false|false&#8220; custom_padding=&#8220;||||false|false&#8220; border_radii=&#8220;on|500px|500px|500px|500px&#8220; global_colors_info=&#8220;{}&#8220;][et_pb_column type=&#8220;4_4&#8243; _builder_version=&#8220;4.27.2&#8243; _module_preset=&#8220;default&#8220; global_colors_info=&#8220;{}&#8220;][et_pb_text _builder_version=&#8220;4.27.2&#8243; _module_preset=&#8220;default&#8220; header_3_font=&#8220;-et_global_heading_font|-et_global_body_font_weight||on|||||&#8220; header_3_text_color=&#8220;gcid-424187c2-bbde-4931-8d84-4d7c5c134d04&#8243; width=&#8220;86%&#8220; module_alignment=&#8220;center&#8220; custom_margin=&#8220;||16px|||&#8220; global_colors_info=&#8220;{%22gcid-424187c2-bbde-4931-8d84-4d7c5c134d04%22:%91%22header_3_text_color%22%93}&#8220;]<\/p>\n<h3 style=\"text-align: center;\">D\u011bkujeme v\u00e1m za va\u0161i \u00fa\u010dast na Sv\u011btov\u00e9m festivalu arteterapie - va\u0161e energie a kreativita p\u0159isp\u011bly k tomu, \u017ee byl nezapomenuteln\u00fd!<\/h3>\n<p>[\/et_pb_text][et_pb_button button_url=&#8220;https:\/\/watf2025.pixieset.com\/&#8220; url_new_window=&#8220;on&#8220; button_text=&#8220;FOTOGALERIE WATF 2025&#8243; button_alignment=&#8220;center&#8220; _builder_version=&#8220;4.27.2&#8243; _module_preset=&#8220;default&#8220; custom_button=&#8220;on&#8220; button_text_color=&#8220;#f2f2f2&#8243; button_bg_color=&#8220;gcid-heading-color&#8220; button_border_radius=&#8220;80px&#8220; button_icon=&#8220;&#xf030;||fa||900&#8243; custom_margin=&#8220;||10px|||&#8220; hover_enabled=&#8220;0&#8243; global_colors_info=&#8220;{%22gcid-heading-color%22:%91%22button_bg_color%22%93}&#8220; button_bg_color__hover_enabled=&#8220;on|hover&#8220; sticky_enabled=&#8220;0&#8243; button_bg_color__hover=&#8220;#9f00cc&#8220; button_bg_enable_color__hover=&#8220;on&#8220;][\/et_pb_button][\/et_pb_column][\/et_pb_row][et_pb_row column_structure=&#8220;1_5,1_5,1_5,1_5,1_5&#8243; use_custom_gutter=&#8220;on&#8220; gutter_width=&#8220;2&#8243; make_equal=&#8220;on&#8220; custom_padding_last_edited=&#8220;on|tablet&#8220; _builder_version=&#8220;4.27.2&#8243; _module_preset=&#8220;default&#8220; background_enable_color=&#8220;off&#8220; custom_margin=&#8220;||||true|true&#8220; custom_margin_tablet=&#8220;||||false|false&#8220; custom_margin_phone=&#8220;||||false|false&#8220; custom_margin_last_edited=&#8220;off|desktop&#8220; custom_padding=&#8220;11px|10px|14px|10px|false|true&#8220; custom_padding_tablet=&#8220;|40px|18px|20px|false|false&#8220; custom_padding_phone=&#8220;||30px||false|false&#8220; border_radii=&#8220;on|20px|20px|20px|20px&#8220; global_colors_info=&#8220;{}&#8220;][et_pb_column type=&#8220;1_5&#8243; _builder_version=&#8220;4.27.2&#8243; _module_preset=&#8220;default&#8220; background_color=&#8220;#5a0760&#8243; custom_padding=&#8220;20px||20px||true|false&#8220; border_radii=&#8220;on|20px|20px|20px|20px&#8220; global_colors_info=&#8220;{}&#8220; transform_styles__hover_enabled=&#8220;on|hover&#8220; transform_scale__hover_enabled=&#8220;on|hover&#8220; transform_translate__hover_enabled=&#8220;on|desktop&#8220; transform_rotate__hover_enabled=&#8220;on|desktop&#8220; transform_skew__hover_enabled=&#8220;on|desktop&#8220; transform_origin__hover_enabled=&#8220;on|desktop&#8220; transform_scale__hover=&#8220;105%|105%&#8220;][et_pb_blurb title=&#8220;PRAKTICK\u00c9 INFORMACE&#8220; use_icon=&#8220;on&#8220; font_icon=&#8220;&#xe060;||divi||400&#8243; icon_color=&#8220;#ffffff&#8220; image_icon_width=&#8220;60px&#8220; _builder_version=&#8220;4.27.2&#8243; _module_preset=&#8220;default&#8220; header_text_align=&#8220;center&#8220; header_text_color=&#8220;#FFFFFF&#8220; custom_margin=&#8220;10px|20px||20px|false|false&#8220; link_option_url=&#8220;https:\/\/arttherapyfestival.org\/cs\/prakticke-informace\/&#8220; global_colors_info=&#8220;{}&#8220;][\/et_pb_blurb][\/et_pb_column][et_pb_column type=&#8220;1_5&#8243; _builder_version=&#8220;4.27.2&#8243; _module_preset=&#8220;default&#8220; background_color=&#8220;#963c86&#8243; custom_padding=&#8220;20px||20px||true|false&#8220; border_radii=&#8220;on|20px|20px|20px|20px&#8220; global_colors_info=&#8220;{}&#8220; transform_styles__hover_enabled=&#8220;on|hover&#8220; transform_scale__hover_enabled=&#8220;on|hover&#8220; transform_translate__hover_enabled=&#8220;on|desktop&#8220; transform_rotate__hover_enabled=&#8220;on|desktop&#8220; transform_skew__hover_enabled=&#8220;on|desktop&#8220; transform_origin__hover_enabled=&#8220;on|desktop&#8220; transform_scale__hover=&#8220;105%|105%&#8220;][et_pb_blurb title=&#8220;P\u016eDORYS FESTIVALU&#8220; use_icon=&#8220;on&#8220; font_icon=&#8220;&#xf5a0;||fa||900&#8243; icon_color=&#8220;#ffffff&#8220; image_icon_width=&#8220;60px&#8220; _builder_version=&#8220;4.27.2&#8243; _module_preset=&#8220;default&#8220; header_text_align=&#8220;center&#8220; header_text_color=&#8220;#FFFFFF&#8220; custom_margin=&#8220;10px|20px||20px|false|false&#8220; link_option_url=&#8220;https:\/\/arttherapyfestival.org\/cs\/festivalovy-pudorys\/&#8220; global_colors_info=&#8220;{}&#8220;][\/et_pb_blurb][\/et_pb_column][et_pb_column type=&#8220;1_5&#8243; _builder_version=&#8220;4.27.2&#8243; _module_preset=&#8220;default&#8220; background_color=&#8220;#ce4492&#8243; custom_padding=&#8220;20px||20px||false|false&#8220; border_radii=&#8220;on|20px|20px|20px|20px&#8220; global_colors_info=&#8220;{}&#8220; transform_styles__hover_enabled=&#8220;on|hover&#8220; transform_scale__hover_enabled=&#8220;on|hover&#8220; transform_translate__hover_enabled=&#8220;on|desktop&#8220; transform_rotate__hover_enabled=&#8220;on|desktop&#8220; transform_skew__hover_enabled=&#8220;on|desktop&#8220; transform_origin__hover_enabled=&#8220;on|desktop&#8220; transform_scale__hover=&#8220;105%|105%&#8220;][et_pb_blurb title=&#8220;KNIHA ABSTRAKT\u016e&#8220; use_icon=&#8220;on&#8220; font_icon=&#8220;&#xe086;||divi||400&#8243; icon_color=&#8220;#ffffff&#8220; image_icon_width=&#8220;60px&#8220; _builder_version=&#8220;4.27.2&#8243; _module_preset=&#8220;default&#8220; header_text_align=&#8220;center&#8220; header_text_color=&#8220;#FFFFFF&#8220; custom_margin=&#8220;10px|20px||20px|false|false&#8220; link_option_url=&#8220;https:\/\/arttherapyfestival.org\/cs\/abstrakt-kniha\/&#8220; global_colors_info=&#8220;{}&#8220;][\/et_pb_blurb][\/et_pb_column][et_pb_column type=&#8220;1_5&#8243; _builder_version=&#8220;4.27.2&#8243; _module_preset=&#8220;default&#8220; background_color=&#8220;#ff497a&#8220; custom_padding=&#8220;20px||20px||true|false&#8220; border_radii=&#8220;on|20px|20px|20px|20px&#8220; global_colors_info=&#8220;{}&#8220; transform_styles__hover_enabled=&#8220;on|hover&#8220; transform_scale__hover_enabled=&#8220;on|hover&#8220; transform_translate__hover_enabled=&#8220;on|desktop&#8220; transform_rotate__hover_enabled=&#8220;on|desktop&#8220; transform_skew__hover_enabled=&#8220;on|desktop&#8220; transform_origin__hover_enabled=&#8220;on|desktop&#8220; transform_scale__hover=&#8220;105%|105%&#8220;][et_pb_blurb title=&#8220;PODROBN\u00dd PROGRAM&#8220; use_icon=&#8220;on&#8220; font_icon=&#8220;&#xf783;||fa||900&#8243; icon_color=&#8220;#ffffff&#8220; image_icon_width=&#8220;60px&#8220; _builder_version=&#8220;4.27.2&#8243; _module_preset=&#8220;default&#8220; header_text_align=&#8220;center&#8220; header_text_color=&#8220;#FFFFFF&#8220; custom_margin=&#8220;10px|20px||20px|false|false&#8220; link_option_url=&#8220;https:\/\/www.czech-in.org\/cmPortalv15\/Searchable\/watf25\/config\/normal#!sessionschedule&#8220; link_option_url_new_window=&#8220;on&#8220; global_colors_info=&#8220;{}&#8220;][\/et_pb_blurb][\/et_pb_column][et_pb_column type=&#8220;1_5&#8243; _builder_version=&#8220;4.27.2&#8243; _module_preset=&#8220;default&#8220; background_color=&#8220;gcid-70a4cb88-6be4-4382-9c6e-92484a1d05ec&#8220; custom_padding=&#8220;20px||20px||true|false&#8220; border_radii=&#8220;on|20px|20px|20px|20px&#8220; global_colors_info=&#8220;{%22gcid-70a4cb88-6be4-4382-9c6e-92484a1d05ec%22:%91%22background_color%22%93}&#8220; transform_styles__hover_enabled=&#8220;on|hover&#8220; transform_scale__hover_enabled=&#8220;on|hover&#8220; transform_translate__hover_enabled=&#8220;on|desktop&#8220; transform_rotate__hover_enabled=&#8220;on|desktop&#8220; transform_skew__hover_enabled=&#8220;on|desktop&#8220; transform_origin__hover_enabled=&#8220;on|desktop&#8220; transform_scale__hover=&#8220;105%|105%&#8220;][et_pb_blurb title=&#8220;SOCI\u00c1LN\u00cd PROGRAM&#8220; use_icon=&#8220;on&#8220; font_icon=&#8220;&#xf0c0;||fa||900&#8243; icon_color=&#8220;#ffffff&#8220; image_icon_width=&#8220;60px&#8220; _builder_version=&#8220;4.27.2&#8243; _module_preset=&#8220;default&#8220; header_text_align=&#8220;center&#8220; header_text_color=&#8220;#FFFFFF&#8220; custom_margin=&#8220;10px|20px||20px|false|false&#8220; link_option_url=&#8220;https:\/\/arttherapyfestival.org\/cs\/socialni-program\/&#8220; link_option_url_new_window=&#8220;on&#8220; global_colors_info=&#8220;{}&#8220;][\/et_pb_blurb][\/et_pb_column][\/et_pb_row][et_pb_row disabled_on=&#8220;off|off|off&#8220; _builder_version=&#8220;4.27.2&#8243; _module_preset=&#8220;default&#8220; custom_margin=&#8220;3px|auto||auto||&#8220; custom_padding=&#8220;||26px|||&#8220; global_colors_info=&#8220;{}&#8220;][et_pb_column type=&#8220;4_4&#8243; _builder_version=&#8220;4.23.2&#8243; _module_preset=&#8220;default&#8220; global_colors_info=&#8220;{}&#8220;][et_pb_divider color=&#8220;gcid-heading-color&#8220; divider_style=&#8220;dotted&#8220; divider_weight=&#8220;5px&#8220; _builder_version=&#8220;4.27.2&#8243; _module_preset=&#8220;default&#8220; global_colors_info=&#8220;{%22gcid-heading-color%22:%91%22color%22%93}&#8220;][\/et_pb_divider][\/et_pb_column][\/et_pb_row][et_pb_row column_structure=&#8220;1_5,1_5,1_5,1_5,1_5&#8243; use_custom_gutter=&#8220;on&#8220; gutter_width=&#8220;2&#8243; make_equal=&#8220;on&#8220; custom_padding_last_edited=&#8220;on|tablet&#8220; _builder_version=&#8220;4.27.2&#8243; _module_preset=&#8220;default&#8220; background_enable_color=&#8220;off&#8220; custom_margin=&#8220;||||true|true&#8220; custom_margin_tablet=&#8220;||||false|false&#8220; custom_margin_phone=&#8220;||||false|false&#8220; custom_margin_last_edited=&#8220;off|desktop&#8220; custom_padding=&#8220;1px||||false|true&#8220; custom_padding_tablet=&#8220;|40px|18px|20px|false|false&#8220; custom_padding_phone=&#8220;||30px||false|false&#8220; border_radii=&#8220;on|20px|20px|20px|20px&#8220; global_colors_info=&#8220;{}&#8220;][et_pb_column type=&#8220;1_5&#8243; _builder_version=&#8220;4.27.2&#8243; _module_preset=&#8220;default&#8220; background_color=&#8220;rgba(255,255,255,0.7)&#8220; custom_padding=&#8220;20px||20px||true|false&#8220; border_radii=&#8220;on|20px|20px|20px|20px&#8220; global_colors_info=&#8220;{}&#8220; transform_styles__hover_enabled=&#8220;on|hover&#8220; transform_scale__hover_enabled=&#8220;on|hover&#8220; transform_translate__hover_enabled=&#8220;on|desktop&#8220; transform_rotate__hover_enabled=&#8220;on|desktop&#8220; transform_skew__hover_enabled=&#8220;on|desktop&#8220; transform_origin__hover_enabled=&#8220;on|desktop&#8220; transform_scale__hover=&#8220;105%|105%&#8220;][et_pb_number_counter title=&#8220;AKTIVN\u00cd P\u0158EDN\u00c1\u0160EJ\u00cdC\u00cd Z CEL\u00c9HO SV\u011aTA&#8220; number=&#8220;46&#8243; percent_sign=&#8220;off&#8220; _builder_version=&#8220;4.27.2&#8243; _module_preset=&#8220;default&#8220; title_font_size=&#8220;14px&#8220; number_text_color=&#8220;gcid-heading-color&#8220; number_font_size=&#8220;70px&#8220; number_line_height=&#8220;100px&#8220; background_enable_color=&#8220;off&#8220; custom_margin=&#8220;||||false|false&#8220; custom_padding=&#8220;|10px||10px|false|false&#8220; link_option_url=&#8220;https:\/\/arttherapyfestival.org\/meet-the-programme-presenters\/&#8220; border_radii=&#8220;on|20px|20px|20px|20px&#8220; global_colors_info=&#8220;{%22gcid-heading-color%22:%91%22number_text_color%22%93}&#8220;][\/et_pb_number_counter][\/et_pb_column][et_pb_column type=&#8220;1_5&#8243; _builder_version=&#8220;4.27.2&#8243; _module_preset=&#8220;default&#8220; background_color=&#8220;rgba(255,255,255,0.7)&#8220; custom_padding=&#8220;20px||20px||true|false&#8220; border_radii=&#8220;on|20px|20px|20px|20px&#8220; global_colors_info=&#8220;{}&#8220; transform_styles__hover_enabled=&#8220;on|hover&#8220; transform_scale__hover_enabled=&#8220;on|hover&#8220; transform_translate__hover_enabled=&#8220;on|desktop&#8220; transform_rotate__hover_enabled=&#8220;on|desktop&#8220; transform_skew__hover_enabled=&#8220;on|desktop&#8220; transform_origin__hover_enabled=&#8220;on|desktop&#8220; transform_scale__hover=&#8220;105%|105%&#8220;][et_pb_number_counter title=&#8220;HLAVN\u00cdCH \u0158E\u010cN\u00cdK\u016e&#8220; number=&#8220;16&#8243; percent_sign=&#8220;off&#8220; _builder_version=&#8220;4.27.2&#8243; _module_preset=&#8220;default&#8220; title_font_size=&#8220;14px&#8220; number_text_color=&#8220;gcid-heading-color&#8220; number_font_size=&#8220;70px&#8220; number_line_height=&#8220;100px&#8220; background_enable_color=&#8220;off&#8220; custom_margin=&#8220;||||false|false&#8220; custom_padding=&#8220;||||true|false&#8220; link_option_url=&#8220;https:\/\/arttherapyfestival.org\/keynote-speakers\/&#8220; border_radii=&#8220;on|20px|20px|20px|20px&#8220; global_colors_info=&#8220;{%22gcid-heading-color%22:%91%22number_text_color%22%93}&#8220;][\/et_pb_number_counter][\/et_pb_column][et_pb_column type=&#8220;1_5&#8243; _builder_version=&#8220;4.27.2&#8243; _module_preset=&#8220;default&#8220; background_color=&#8220;rgba(255,255,255,0.7)&#8220; custom_padding=&#8220;20px||20px||false|false&#8220; border_radii=&#8220;on|20px|20px|20px|20px&#8220; global_colors_info=&#8220;{}&#8220; transform_styles__hover_enabled=&#8220;on|hover&#8220; transform_scale__hover_enabled=&#8220;on|hover&#8220; transform_translate__hover_enabled=&#8220;on|desktop&#8220; transform_rotate__hover_enabled=&#8220;on|desktop&#8220; transform_skew__hover_enabled=&#8220;on|desktop&#8220; transform_origin__hover_enabled=&#8220;on|desktop&#8220; transform_scale__hover=&#8220;105%|105%&#8220;][et_pb_number_counter title=&#8220;WORKSHOP\u016e UM\u011aLECK\u00ddCH TERAPI\u00cd&#8220; number=&#8220;26&#8243; percent_sign=&#8220;off&#8220; _builder_version=&#8220;4.27.2&#8243; _module_preset=&#8220;default&#8220; title_font_size=&#8220;14px&#8220; number_text_color=&#8220;gcid-heading-color&#8220; number_font_size=&#8220;70px&#8220; number_line_height=&#8220;100px&#8220; background_enable_color=&#8220;off&#8220; custom_margin=&#8220;||||false|false&#8220; custom_padding=&#8220;||||false|false&#8220; link_option_url=&#8220;https:\/\/www.czech-in.org\/cmPortalv15\/Searchable\/watf25\/config\/normal#!sessionschedule&#8220; link_option_url_new_window=&#8220;on&#8220; border_radii=&#8220;on|20px|20px|20px|20px&#8220; global_colors_info=&#8220;{%22gcid-heading-color%22:%91%22number_text_color%22%93}&#8220;][\/et_pb_number_counter][\/et_pb_column][et_pb_column type=&#8220;1_5&#8243; _builder_version=&#8220;4.27.2&#8243; _module_preset=&#8220;default&#8220; background_color=&#8220;rgba(255,255,255,0.7)&#8220; custom_padding=&#8220;20px||20px||true|false&#8220; border_radii=&#8220;on|20px|20px|20px|20px&#8220; global_colors_info=&#8220;{}&#8220; transform_styles__hover_enabled=&#8220;on|hover&#8220; transform_scale__hover_enabled=&#8220;on|hover&#8220; transform_translate__hover_enabled=&#8220;on|desktop&#8220; transform_rotate__hover_enabled=&#8220;on|desktop&#8220; transform_skew__hover_enabled=&#8220;on|desktop&#8220; transform_origin__hover_enabled=&#8220;on|desktop&#8220; transform_scale__hover=&#8220;105%|105%&#8220;][et_pb_number_counter title=&#8220;PREZENTAC\u00cd&#8220; number=&#8220;34&#8243; percent_sign=&#8220;off&#8220; _builder_version=&#8220;4.27.2&#8243; _module_preset=&#8220;default&#8220; title_font_size=&#8220;14px&#8220; number_text_color=&#8220;gcid-heading-color&#8220; number_font_size=&#8220;70px&#8220; number_line_height=&#8220;100px&#8220; background_enable_color=&#8220;off&#8220; custom_margin=&#8220;||||false|false&#8220; custom_padding=&#8220;||||false|false&#8220; link_option_url=&#8220;https:\/\/www.czech-in.org\/cmPortalv15\/Searchable\/watf25\/config\/normal#!sessionschedule&#8220; link_option_url_new_window=&#8220;on&#8220; border_radii=&#8220;on|20px|20px|20px|20px&#8220; global_colors_info=&#8220;{%22gcid-heading-color%22:%91%22number_text_color%22%93}&#8220;][\/et_pb_number_counter][\/et_pb_column][et_pb_column type=&#8220;1_5&#8243; _builder_version=&#8220;4.27.2&#8243; _module_preset=&#8220;default&#8220; background_color=&#8220;rgba(255,255,255,0.7)&#8220; custom_padding=&#8220;20px||20px||true|false&#8220; border_radii=&#8220;on|20px|20px|20px|20px&#8220; global_colors_info=&#8220;{}&#8220; transform_styles__hover_enabled=&#8220;on|hover&#8220; transform_scale__hover_enabled=&#8220;on|hover&#8220; transform_translate__hover_enabled=&#8220;on|desktop&#8220; transform_rotate__hover_enabled=&#8220;on|desktop&#8220; transform_skew__hover_enabled=&#8220;on|desktop&#8220; transform_origin__hover_enabled=&#8220;on|desktop&#8220; transform_scale__hover=&#8220;105%|105%&#8220;][et_pb_number_counter title=&#8220;PLEN\u00c1RN\u00cd SEKCE&#8220; number=&#8220;3&#8243; percent_sign=&#8220;off&#8220; _builder_version=&#8220;4.27.2&#8243; _module_preset=&#8220;default&#8220; title_font_size=&#8220;14px&#8220; number_text_color=&#8220;gcid-heading-color&#8220; number_font_size=&#8220;70px&#8220; number_line_height=&#8220;100px&#8220; background_enable_color=&#8220;off&#8220; custom_margin=&#8220;||||false|false&#8220; custom_padding=&#8220;||||true|false&#8220; link_option_url=&#8220;https:\/\/www.czech-in.org\/cmPortalv15\/Searchable\/watf25\/config\/normal#!sessionschedule&#8220; link_option_url_new_window=&#8220;on&#8220; border_radii=&#8220;on|20px|20px|20px|20px&#8220; global_colors_info=&#8220;{%22gcid-heading-color%22:%91%22number_text_color%22%93}&#8220;][\/et_pb_number_counter][\/et_pb_column][\/et_pb_row][et_pb_row _builder_version=&#8220;4.27.2&#8243; _module_preset=&#8220;default&#8220; custom_padding=&#8220;0px|||||&#8220; global_colors_info=&#8220;{}&#8220;][et_pb_column type=&#8220;4_4&#8243; _builder_version=&#8220;4.27.2&#8243; _module_preset=&#8220;default&#8220; global_colors_info=&#8220;{}&#8220;][et_pb_blurb title=&#8220;Otev\u0159eno v\u0161em z\u00e1jemc\u016fm - profesion\u00e1l\u016fm, terapeut\u016fm, kou\u010d\u016fm, psycholog\u016fm, pedagog\u016fm, ale i student\u016fm a \u0161irok\u00e9 ve\u0159ejnosti, kter\u00e1 se zaj\u00edm\u00e1 o um\u011bleck\u00e9 terapie!&#8220; use_icon=&#8220;on&#8220; font_icon=&#8220;&#xe000;||divi||400&#8243; icon_color=&#8220;gcid-heading-color&#8220; icon_placement=&#8220;left&#8220; image_icon_width=&#8220;36px&#8220; content_max_width=&#8220;100%&#8220; _builder_version=&#8220;4.27.2&#8243; _module_preset=&#8220;default&#8220; header_font=&#8220;|600|||||||&#8220; background_color=&#8220;rgba(255,255,255,0.7)&#8220; image_icon_custom_margin=&#8220;|10px|||false|false&#8220; custom_margin=&#8220;||||false|false&#8220; custom_padding=&#8220;20px|20px|15px|20px|false|false&#8220; border_radii=&#8220;on|20px|20px|20px|20px&#8220; saved_tabs=&#8220;all&#8220; global_colors_info=&#8220;{%22gcid-heading-color%22:%91%22icon_color%22%93}&#8220;][\/et_pb_blurb][\/et_pb_column][\/et_pb_row][et_pb_row column_structure=&#8220;2_3,1_3&#8243; _builder_version=&#8220;4.27.2&#8243; _module_preset=&#8220;default&#8220; background_color=&#8220;rgba(255,255,255,0.55)&#8220; custom_margin=&#8220;||25px||false|false&#8220; custom_padding=&#8220;0px||0px||false|false&#8220; border_radii=&#8220;on|20px|20px|20px|20px&#8220; global_colors_info=&#8220;{}&#8220;][et_pb_column type=&#8220;2_3&#8243; _builder_version=&#8220;4.27.2&#8243; _module_preset=&#8220;default&#8220; global_colors_info=&#8220;{}&#8220;][et_pb_blurb title=&#8220;Co z\u00edsk\u00e1te \u00fa\u010dast\u00ed na festivalu&#8220; use_icon=&#8220;on&#8220; font_icon=&#8220;&#x5a;||divi||400&#8243; icon_color=&#8220;gcid-heading-color&#8220; icon_placement=&#8220;left&#8220; image_icon_width=&#8220;27px&#8220; content_max_width=&#8220;100%&#8220; _builder_version=&#8220;4.27.2&#8243; _module_preset=&#8220;default&#8220; header_line_height=&#8220;2.4em&#8220; background_enable_color=&#8220;off&#8220; image_icon_custom_margin=&#8220;10px||||false|false&#8220; custom_margin=&#8220;||||false|false&#8220; custom_padding=&#8220;20px|20px|20px|20px|false|false&#8220; border_radii=&#8220;on|20px|20px|20px|20px&#8220; saved_tabs=&#8220;all&#8220; global_colors_info=&#8220;{%22gcid-heading-color%22:%91%22icon_color%22%93}&#8220;]<\/p>\n<p>\u2714 <span>Inspirativn\u00ed program pod veden\u00edm uzn\u00e1van\u00fdch 46 odborn\u00edk\u016f <br \/>v oblasti hudby, um\u011bn\u00ed, dramatu a tance.<\/span><br \/><span>\u2714 <\/span>Profesn\u00ed akreditace od MAUT<span data-teams=\"true\">(MAUT\/o\/WATF25\/01\/01\/25<\/span>)<br \/><span>\u2714 Slu\u017eby profesn\u00edho poradenstv\u00ed a osobn\u00edho rozvoje na m\u00edst\u011b<\/span><br \/><span>\u2714 <\/span>Welcome drink 26. z\u00e1\u0159\u00ed 2025<br \/><span>\u2714 <\/span>P\u0159est\u00e1vky na k\u00e1vu a ob\u011bdy<br \/><span>\u2714 <\/span>Slavnostn\u00ed ve\u010der a p\u0159ed\u00e1v\u00e1n\u00ed cen 27. z\u00e1\u0159\u00ed 2025.<\/p>\n<h4><span style=\"color: #ff8928;\">V\u00fdb\u011br workshop\u016f <\/span><\/h4>\n<p><strong>V\u0161ichni registrovan\u00ed \u00fa\u010dastn\u00edci obdr\u017e\u00ed 15. \u010dervence 2025 dotazn\u00edk, aby si mohli vybrat preferovan\u00e9 semin\u00e1\u0159e. Zaregistrujte se pros\u00edm co nejd\u0159\u00edve - kapacita workshop\u016f je omezen\u00e1 a po tomto datu nem\u016f\u017eeme zaru\u010dit, \u017ee se \u00fa\u010dastn\u00edci budou moci p\u0159ipojit k vybran\u00e9mu workshopu. <\/strong><\/p>\n<p>[\/et_pb_blurb][\/et_pb_column][et_pb_column type=&#8220;1_3&#8243; _builder_version=&#8220;4.27.2&#8243; _module_preset=&#8220;default&#8220; global_colors_info=&#8220;{}&#8220;][et_pb_button button_url=&#8220;https:\/\/arttherapyfestival.org\/cs\/pokyny-pro-registraci\/#howtoregister&#8220; button_text=&#8220;P\u0158IHLA\u0160TE SE ZDE&#8220; _builder_version=&#8220;4.27.2&#8243; _module_preset=&#8220;default&#8220; custom_button=&#8220;on&#8220; button_text_color=&#8220;gcid-heading-color&#8220; button_border_radius=&#8220;40px&#8220; custom_margin=&#8220;45px||||false|false&#8220; global_colors_info=&#8220;{%22gcid-heading-color%22:%91%22button_text_color%22%93}&#8220;][\/et_pb_button][\/et_pb_column][\/et_pb_row][et_pb_row column_structure=&#8220;1_4,3_4&#8243; custom_padding_last_edited=&#8220;on|tablet&#8220; _builder_version=&#8220;4.27.2&#8243; _module_preset=&#8220;default&#8220; background_color=&#8220;rgba(255,255,255,0.55)&#8220; custom_margin=&#8220;||30px||false|false&#8220; custom_margin_tablet=&#8220;||||false|false&#8220; custom_margin_phone=&#8220;||||false|false&#8220; custom_margin_last_edited=&#8220;off|desktop&#8220; custom_padding=&#8220;|40px|18px|20px|false|false&#8220; custom_padding_tablet=&#8220;|40px|18px|20px|false|false&#8220; custom_padding_phone=&#8220;||30px||false|false&#8220; border_radii=&#8220;on|20px|20px|20px|20px&#8220; global_colors_info=&#8220;{}&#8220;][et_pb_column type=&#8220;1_4&#8243; _builder_version=&#8220;4.27.2&#8243; _module_preset=&#8220;default&#8220; global_colors_info=&#8220;{}&#8220;][et_pb_image src=&#8220;https:\/\/arttherapyfestival.org\/wp-content\/uploads\/2025\/03\/53634de5-fb1c-4737-a599-f8e915f3d0a5.png&#8220; title_text=&#8220;53634de5-fb1c-4737-a599-f8e915f3d0a5&#8243; _builder_version=&#8220;4.27.2&#8243; _module_preset=&#8220;default&#8220; custom_margin=&#8220;||||false|false&#8220; global_colors_info=&#8220;{}&#8220;][\/et_pb_image][\/et_pb_column][et_pb_column type=&#8220;3_4&#8243; _builder_version=&#8220;4.27.2&#8243; _module_preset=&#8220;default&#8220; global_colors_info=&#8220;{}&#8220;][et_pb_text _builder_version=&#8220;4.27.2&#8243; _module_preset=&#8220;default&#8220; custom_margin=&#8220;||-5px|||&#8220; custom_padding=&#8220;43px||||false|false&#8220; global_colors_info=&#8220;{}&#8220;]<\/p>\n<div class=\"ql-block ql-align-justify\" data-block-id=\"block-e74c8ad6-8d99-4eb2-83fe-1d60401612ae\">\n<p style=\"text-align: justify;\"><em><strong>Mezin\u00e1rodn\u00ed asociace um\u011bleck\u00fdch terapi\u00ed (MAUT<\/strong> ) si v\u00e1s dovoluje pozvat k \u00fa\u010dasti na nomina\u010dn\u00edm procesu na <strong>cenu Mezin\u00e1rodn\u00ed asociace um\u011bleck\u00fdch terapi\u00ed. Upozor\u0148ujeme, \u017ee nominace mohou pod\u00e1vat pouze subjekty z \u010cesk\u00e9 republiky.<\/strong><\/em><\/p>\n<p style=\"text-align: justify;\"><em>V\u00edce informac\u00ed o nominaci naleznete <a href=\"https:\/\/www.maut.cz\/cena-maut\">zde.<\/a><\/em><span style=\"font-size: 14px;\"> <\/span><\/p>\n<\/div>\n<p>[\/et_pb_text][et_pb_button button_url=&#8220;https:\/\/www.maut.cz\/cena-maut&#8220; url_new_window=&#8220;on&#8220; button_text=&#8220;ZJISTIT V\u00cdCE&#8220; button_alignment=&#8220;right&#8220; _builder_version=&#8220;4.27.2&#8243; _module_preset=&#8220;default&#8220; custom_button=&#8220;on&#8220; button_text_color=&#8220;#ff7f00&#8243; button_border_radius=&#8220;50px&#8220; custom_margin=&#8220;||||false|false&#8220; custom_margin_tablet=&#8220;22px||||false|false&#8220; custom_margin_phone=&#8220;30px|30px|||false|false&#8220; custom_margin_last_edited=&#8220;on|phone&#8220; custom_padding=&#8220;||||false|false&#8220; custom_padding_tablet=&#8220;||||false|false&#8220; custom_padding_phone=&#8220;||||false|false&#8220; custom_padding_last_edited=&#8220;on|tablet&#8220; global_colors_info=&#8220;{}&#8220;][\/et_pb_button][\/et_pb_column][\/et_pb_row][et_pb_row column_structure=&#8220;1_4,3_4&#8243; custom_padding_last_edited=&#8220;on|tablet&#8220; _builder_version=&#8220;4.27.2&#8243; _module_preset=&#8220;default&#8220; background_color=&#8220;rgba(255,255,255,0.55)&#8220; custom_margin=&#8220;||30px||false|false&#8220; custom_margin_tablet=&#8220;||||false|false&#8220; custom_margin_phone=&#8220;||||false|false&#8220; custom_margin_last_edited=&#8220;off|desktop&#8220; custom_padding=&#8220;0px|40px|30px|20px|false|false&#8220; custom_padding_tablet=&#8220;|40px|18px|20px|false|false&#8220; custom_padding_phone=&#8220;||30px||false|false&#8220; border_radii=&#8220;on|20px|20px|20px|20px&#8220; global_colors_info=&#8220;{}&#8220;][et_pb_column type=&#8220;1_4&#8243; _builder_version=&#8220;4.27.2&#8243; _module_preset=&#8220;default&#8220; global_colors_info=&#8220;{}&#8220;][dipl_image_card_carousel slide_effect=&#8220;flip&#8220; equalize_slides_height=&#8220;on&#8220; slider_loop=&#8220;on&#8220; enable_linear_transition=&#8220;on&#8220; _builder_version=&#8220;4.27.2&#8243; _module_preset=&#8220;default&#8220; custom_margin=&#8220;||-25px||false|false&#8220; custom_padding=&#8220;20px|||4px|false|false&#8220; global_colors_info=&#8220;{}&#8220;][dipl_image_card_carousel_item image=&#8220;https:\/\/arttherapyfestival.org\/wp-content\/uploads\/2025\/03\/Music.png&#8220; _builder_version=&#8220;4.27.2&#8243; _module_preset=&#8220;default&#8220; global_colors_info=&#8220;{}&#8220;][\/dipl_image_card_carousel_item][dipl_image_card_carousel_item image=&#8220;https:\/\/arttherapyfestival.org\/wp-content\/uploads\/2025\/03\/Art.png&#8220; _builder_version=&#8220;4.27.2&#8243; _module_preset=&#8220;default&#8220; global_colors_info=&#8220;{}&#8220;][\/dipl_image_card_carousel_item][dipl_image_card_carousel_item image=&#8220;https:\/\/arttherapyfestival.org\/wp-content\/uploads\/2025\/03\/Dance.png&#8220; _builder_version=&#8220;4.27.2&#8243; _module_preset=&#8220;default&#8220; global_colors_info=&#8220;{}&#8220;][\/dipl_image_card_carousel_item][dipl_image_card_carousel_item image=&#8220;https:\/\/arttherapyfestival.org\/wp-content\/uploads\/2025\/03\/Drama.png&#8220; _builder_version=&#8220;4.27.2&#8243; _module_preset=&#8220;default&#8220; global_colors_info=&#8220;{}&#8220;][\/dipl_image_card_carousel_item][\/dipl_image_card_carousel][\/et_pb_column][et_pb_column type=&#8220;3_4&#8243; _builder_version=&#8220;4.27.2&#8243; _module_preset=&#8220;default&#8220; global_colors_info=&#8220;{}&#8220;][et_pb_text _builder_version=&#8220;4.27.2&#8243; _module_preset=&#8220;default&#8220; custom_margin=&#8220;||25px||false|false&#8220; custom_padding=&#8220;43px||||false|false&#8220; global_colors_info=&#8220;{}&#8220;]<\/p>\n<div class=\"ql-block ql-align-justify\" data-block-id=\"block-e74c8ad6-8d99-4eb2-83fe-1d60401612ae\">\n<h3>D\u011btsk\u00e9 d\u00edlni\u010dky um\u011bleck\u00fdch terapi\u00ed<\/h3>\n<p style=\"text-align: justify;\">\n<p style=\"text-align: justify;\">V\u00e1\u017een\u00e9 maminky, tat\u00ednkov\u00e9, babi\u010dky, d\u011bde\u010dkov\u00e9 - chcete za\u017e\u00edt spoustu z\u00e1bavy p\u0159i tvo\u0159en\u00ed se sv\u00fdmi d\u011btmi? P\u0159ij\u010fte podpo\u0159it jejich sebev\u011bdom\u00ed, kreativitu, radost z tvorby. \u010cekaj\u00ed v\u00e1s \u010dty\u0159i workshopy pro rodi\u010de (prarodi\u010de) s d\u011btmi pln\u00e9 inspirace, ona, tance, zp\u00edv\u00e1n\u00ed, hudby.  <\/p>\n<\/div>\n<p>[\/et_pb_text][et_pb_button button_url=&#8220;https:\/\/arttherapyfestival.org\/cs\/detske-dilnicky-umeleckych-terapii\/&#8220; button_text=&#8220;ZJISTIT V\u00cdCE&#8220; button_alignment=&#8220;right&#8220; _builder_version=&#8220;4.27.2&#8243; _module_preset=&#8220;default&#8220; custom_button=&#8220;on&#8220; button_text_color=&#8220;#ff7f00&#8243; button_border_radius=&#8220;50px&#8220; custom_margin=&#8220;-13px||||false|false&#8220; custom_margin_tablet=&#8220;22px||||false|false&#8220; custom_margin_phone=&#8220;30px|30px|||false|false&#8220; custom_margin_last_edited=&#8220;on|phone&#8220; custom_padding=&#8220;||||false|false&#8220; custom_padding_tablet=&#8220;||||false|false&#8220; custom_padding_phone=&#8220;||||false|false&#8220; custom_padding_last_edited=&#8220;on|tablet&#8220; global_colors_info=&#8220;{}&#8220;][\/et_pb_button][\/et_pb_column][\/et_pb_row][et_pb_row disabled_on=&#8220;off|off|off&#8220; _builder_version=&#8220;4.27.2&#8243; _module_preset=&#8220;default&#8220; custom_margin=&#8220;3px|auto||auto||&#8220; custom_padding=&#8220;||12px|||&#8220; global_colors_info=&#8220;{}&#8220;][et_pb_column type=&#8220;4_4&#8243; _builder_version=&#8220;4.23.2&#8243; _module_preset=&#8220;default&#8220; global_colors_info=&#8220;{}&#8220;][et_pb_divider color=&#8220;gcid-heading-color&#8220; divider_style=&#8220;dotted&#8220; divider_weight=&#8220;5px&#8220; _builder_version=&#8220;4.27.2&#8243; _module_preset=&#8220;default&#8220; global_colors_info=&#8220;{%22gcid-heading-color%22:%91%22color%22%93}&#8220;][\/et_pb_divider][\/et_pb_column][\/et_pb_row][et_pb_row column_structure=&#8220;3_5,2_5&#8243; _builder_version=&#8220;4.23.2&#8243; _module_preset=&#8220;default&#8220; custom_margin=&#8220;3px|auto||auto||&#8220; custom_padding=&#8220;||12px|||&#8220; global_colors_info=&#8220;{}&#8220;][et_pb_column type=&#8220;3_5&#8243; _builder_version=&#8220;4.23.2&#8243; _module_preset=&#8220;default&#8220; global_colors_info=&#8220;{}&#8220;][et_pb_text _builder_version=&#8220;4.27.2&#8243; _module_preset=&#8220;4142a97c-2c4b-4047-b950-575fd9e75ca3&#8243; header_font_size=&#8220;40px&#8220; header_2_text_color=&#8220;gcid-d15821fb-ca65-4f29-bfd5-ea044f046af4&#8243; custom_margin=&#8220;-17px|||||&#8220; global_colors_info=&#8220;{%22gcid-d15821fb-ca65-4f29-bfd5-ea044f046af4%22:%91%22header_2_text_color%22%93}&#8220;]<\/p>\n<h1><span style=\"color: #ff8928;\">Uv\u00edtac\u00ed dopis<\/span><\/h1>\n<p>[\/et_pb_text][et_pb_text _builder_version=&#8220;4.27.2&#8243; _module_preset=&#8220;cfa0fff5-7cbd-45e6-8254-6ab4743daddd&#8220; text_font=&#8220;Poppins||||||||&#8220; text_text_color=&#8220;gcid-d15821fb-ca65-4f29-bfd5-ea044f046af4&#8243; custom_margin=&#8220;||-16px|||&#8220; global_colors_info=&#8220;{%22gcid-d15821fb-ca65-4f29-bfd5-ea044f046af4%22:%91%22text_text_color%22%93}&#8220;]<\/p>\n<p style=\"text-align: justify;\"><span data-contrast=\"auto\">V\u00e1\u017een\u00ed kolegov\u00e9, p\u0159\u00e1tel\u00e9 a p\u0159\u00edznivci arteterapie,<\/span><span data-ccp-props=\"{\"134233117\":true,\"134233118\":true,\"201341983\":0,\"335559740\":240}\"> <\/span><\/p>\n<p style=\"text-align: justify;\"><span data-contrast=\"auto\">Je mi velk\u00fdm pot\u011b\u0161en\u00edm pozvat v\u00e1s na Sv\u011btov\u00fd festival arteterapie, kter\u00fd se bude konat v Praze od 26. do 28. z\u00e1\u0159\u00ed 2025. Tato vzru\u0161uj\u00edc\u00ed akce, kterou po\u0159\u00e1d\u00e1 Asociace MAUT, nab\u00edz\u00ed jedine\u010dnou p\u0159\u00edle\u017eitost spojit se s odborn\u00edky a podobn\u011b sm\u00fd\u0161lej\u00edc\u00edmi jedinci z cel\u00e9ho sv\u011bta, kter\u00e9 spojuje spole\u010dn\u00e1 v\u00e1\u0161e\u0148 pro arteterapii a jej\u00ed transforma\u010dn\u00ed potenci\u00e1l. <\/span><span data-ccp-props=\"{\"134233117\":true,\"134233118\":true,\"201341983\":0,\"335559740\":240}\"> <\/span><\/p>\n<p style=\"text-align: justify;\"><span data-contrast=\"auto\">Festival se soust\u0159ed\u00ed na p\u011bt kl\u00ed\u010dov\u00fdch t\u00e9mat, kter\u00e1 maj\u00ed podpo\u0159it hlubok\u00e9 zkoum\u00e1n\u00ed a p\u0159em\u00fd\u0161len\u00ed:<\/span><span data-ccp-props=\"{\"134233117\":true,\"134233118\":true,\"201341983\":0,\"335559740\":240}\"> <\/span><\/p>\n<ol style=\"text-align: justify;\">\n<li style=\"list-style-type: none;\">\n<ol>\n<li><span data-contrast=\"auto\">Mezilidsk\u00e9 vztahy a komunikace<\/span><span data-ccp-props=\"{\"134233117\":true,\"134233118\":true,\"201341983\":0,\"335559740\":240}\"> <\/span><\/li>\n<li><span data-contrast=\"auto\">Seberozvoj, sebeuv\u011bdom\u011bn\u00ed a sebed\u016fv\u011bra<\/span><span data-ccp-props=\"{\"134233117\":true,\"134233118\":true,\"201341983\":0,\"335559740\":240}\"> <\/span><\/li>\n<li><span data-contrast=\"auto\">Stres, vyho\u0159en\u00ed, relaxace a uvoln\u011bn\u00ed nap\u011bt\u00ed<\/span><span data-ccp-props=\"{\"134233117\":true,\"134233118\":true,\"201341983\":0,\"335559740\":240}\"> <\/span><\/li>\n<li><span data-contrast=\"auto\">P\u0159\u00edtomn\u00fd okam\u017eik a virtualita<\/span><span data-ccp-props=\"{\"134233117\":true,\"134233118\":true,\"201341983\":0,\"335559740\":240}\"> <\/span><\/li>\n<li><span data-contrast=\"auto\">Psychosomatika<\/span><span data-ccp-props=\"{\"134233117\":true,\"134233118\":true,\"201341983\":0,\"335559740\":240}\"> <\/span><\/li>\n<\/ol>\n<\/li>\n<\/ol>\n<p style=\"text-align: justify;\"><span data-contrast=\"auto\">Na\u0161\u00edm c\u00edlem je vytvo\u0159it prostor pro r\u016fst, u\u010den\u00ed a propojen\u00ed. Srde\u010dn\u011b v\u00edt\u00e1me profesion\u00e1ly z r\u016fzn\u00fdch obor\u016f, v\u010detn\u011b arteterapeut\u016f, pedagog\u016f, psycholog\u016f, fyzioterapeut\u016f, l\u00e9ka\u0159\u016f a student\u016f, i z\u00e1jemce z \u0159ad \u0161irok\u00e9 ve\u0159ejnosti, kte\u0159\u00ed se zaj\u00edmaj\u00ed o arteterapii, du\u0161evn\u00ed pohodu a zdrav\u00fd \u017eivotn\u00ed styl. Zveme tak\u00e9 rodiny, pro kter\u00e9 jsou p\u0159ipraveny aktivity ur\u010den\u00e9 pro \u00fa\u010dastn\u00edky v\u0161ech v\u011bkov\u00fdch kategori\u00ed.  <\/span><span data-ccp-props=\"{\"134233117\":true,\"134233118\":true,\"201341983\":0,\"335559740\":240}\"> <\/span><\/p>\n<p>[\/et_pb_text][\/et_pb_column][et_pb_column type=&#8220;2_5&#8243; _builder_version=&#8220;4.23.2&#8243; _module_preset=&#8220;default&#8220; global_colors_info=&#8220;{}&#8220;][et_pb_image src=&#8220;https:\/\/arttherapyfestival.org\/wp-content\/uploads\/2024\/10\/foto-MB-scaled.jpg&#8220; title_text=&#8220;foto MB&#8220; _builder_version=&#8220;4.27.2&#8243; _module_preset=&#8220;default&#8220; custom_margin=&#8220;100px|||||&#8220; border_radii=&#8220;on|500px|500px|500px|500px&#8220; global_colors_info=&#8220;{}&#8220;][\/et_pb_image][\/et_pb_column][\/et_pb_row][et_pb_row _builder_version=&#8220;4.23.2&#8243; _module_preset=&#8220;default&#8220; custom_margin=&#8220;7px|auto||auto||&#8220; custom_padding=&#8220;3px|||||&#8220; global_colors_info=&#8220;{}&#8220;][et_pb_column type=&#8220;4_4&#8243; _builder_version=&#8220;4.23.2&#8243; _module_preset=&#8220;default&#8220; global_colors_info=&#8220;{}&#8220;][et_pb_text _builder_version=&#8220;4.27.2&#8243; _module_preset=&#8220;cfa0fff5-7cbd-45e6-8254-6ab4743daddd&#8220; text_font=&#8220;Poppins||||||||&#8220; text_text_color=&#8220;gcid-d15821fb-ca65-4f29-bfd5-ea044f046af4&#8243; global_colors_info=&#8220;{%22gcid-d15821fb-ca65-4f29-bfd5-ea044f046af4%22:%91%22text_text_color%22%93}&#8220;]<\/p>\n<p style=\"text-align: justify;\"><span data-contrast=\"auto\">B\u011bhem festivalu se uskute\u010dn\u00ed \u0159ada rozmanit\u00fdch aktivit, v\u010detn\u011b workshop\u016f, panelov\u00fdch diskus\u00ed, p\u0159edn\u00e1\u0161ek a uk\u00e1zek tv\u016fr\u010d\u00ed praxe. M\u016f\u017eete o\u010dek\u00e1vat prezentace o inovativn\u00edch p\u0159\u00edstupech, klinick\u00fdch aplikac\u00edch arteterapie, etick\u00fdch aspektech a integraci arteterapie v r\u016fzn\u00fdch kulturn\u00edch kontextech. Bude zde dostatek p\u0159\u00edle\u017eitost\u00ed k nav\u00e1z\u00e1n\u00ed nov\u00fdch kontakt\u016f, sd\u00edlen\u00ed znalost\u00ed a spolupr\u00e1ci na budouc\u00edch projektech.  <\/span><span data-ccp-props=\"{\"134233117\":true,\"134233118\":true,\"201341983\":0,\"335559740\":240}\"> <\/span><\/p>\n<p style=\"text-align: justify;\"><span data-contrast=\"auto\">Tento festival nen\u00ed jen o profesn\u00edm rozvoji, je to tak\u00e9 p\u0159\u00edle\u017eitost k omlazen\u00ed, s kreativn\u00edmi prostory pro relaxaci a obnovu energie v prost\u0159ed\u00ed ur\u010den\u00e9m k podpo\u0159e du\u0161evn\u00ed pohody. Na\u0161e doprovodn\u00e9 kulturn\u00ed a um\u011bleck\u00e9 programy v\u00e1m poskytnou chv\u00edle inspirace a p\u0159\u00edle\u017eitost zapojit se do m\u00edstn\u00ed um\u011bleck\u00e9 sc\u00e9ny a mezin\u00e1rodn\u00edch trend\u016f. <\/span><span data-ccp-props=\"{\"134233117\":true,\"134233118\":true,\"201341983\":0,\"335559740\":240}\"> <\/span><\/p>\n<p style=\"text-align: justify;\"><span data-contrast=\"auto\">T\u011b\u0161\u00edm se, a\u017e v\u00e1s p\u0159iv\u00edt\u00e1m v Praze a na t\u00e9to nezapomenuteln\u00e9 oslav\u011b tvo\u0159ivosti, l\u00e9\u010den\u00ed a propojen\u00ed.<\/span><span data-ccp-props=\"{\"134233117\":true,\"134233118\":true,\"201341983\":0,\"335559740\":240}\"> <\/span><\/p>\n<p style=\"text-align: justify;\"><span data-contrast=\"auto\">Srde\u010dn\u00e9 pozdravy,<\/span><span data-ccp-props=\"{\"134233117\":true,\"134233118\":true,\"201341983\":0,\"335559740\":240}\"> <\/span><\/p>\n<p style=\"text-align: justify;\"><b><br \/>\n  <span data-contrast=\"auto\">PaedDr. Mgr. Marie Ben\u00ed\u010dkov\u00e1, Ph.D., DT<\/span><br \/>\n<\/b><span><br \/>\n  <br \/>\n<\/span>Prezidentka Asociace MAUT a WATF 2025<\/p>\n<p>[\/et_pb_text][\/et_pb_column][\/et_pb_row][\/et_pb_section][et_pb_section fb_built=&#8220;1&#8243; disabled_on=&#8220;on|on|on&#8220; admin_label=&#8220;Call to Action&#8220; _builder_version=&#8220;4.27.2&#8243; _module_preset=&#8220;default&#8220; da_disable_devices=&#8220;off|off|off&#8220; disabled=&#8220;on&#8220; collapsed=&#8220;on&#8220; global_colors_info=&#8220;{}&#8220; da_is_popup=&#8220;off&#8220; da_exit_intent=&#8220;off&#8220; da_has_close=&#8220;on&#8220; da_alt_close=&#8220;off&#8220; da_dark_close=&#8220;off&#8220; da_not_modal=&#8220;on&#8220; da_is_singular=&#8220;off&#8220; da_with_loader=&#8220;off&#8220; da_has_shadow=&#8220;on&#8220;][et_pb_row column_structure=&#8220;2_3,1_3&#8243; _builder_version=&#8220;4.23.2&#8243; _module_preset=&#8220;default&#8220; global_colors_info=&#8220;{}&#8220;][et_pb_column type=&#8220;2_3&#8243; _builder_version=&#8220;4.23.2&#8243; _module_preset=&#8220;default&#8220; global_colors_info=&#8220;{}&#8220;][et_pb_text _builder_version=&#8220;4.23.2&#8243; _module_preset=&#8220;4142a97c-2c4b-4047-b950-575fd9e75ca3&#8243; header_2_text_color=&#8220;gcid-d15821fb-ca65-4f29-bfd5-ea044f046af4&#8243; global_colors_info=&#8220;{%22gcid-d15821fb-ca65-4f29-bfd5-ea044f046af4%22:%91%22header_2_text_color%22%93}&#8220;]<\/p>\n<h2>Kde se setk\u00e1v\u00e1 kreativita s l\u00e9\u010den\u00edm<\/h2>\n<p>[\/et_pb_text][\/et_pb_column][et_pb_column type=&#8220;1_3&#8243; _builder_version=&#8220;4.23.2&#8243; _module_preset=&#8220;default&#8220; global_colors_info=&#8220;{}&#8220;][et_pb_text _builder_version=&#8220;4.23.2&#8243; _module_preset=&#8220;cfa0fff5-7cbd-45e6-8254-6ab4743daddd&#8220; text_text_color=&#8220;gcid-d15821fb-ca65-4f29-bfd5-ea044f046af4&#8243; global_colors_info=&#8220;{%22gcid-d15821fb-ca65-4f29-bfd5-ea044f046af4%22:%91%22text_text_color%22%93}&#8220;]<\/p>\n<p>Lorem ipsum dolor sit amet, consectetur adipiscing elit. Donec sed finibus nisi, sed dictum eros. Quisque aliquet velit sit amet sem interdum faucibus. In feugiat aliquet mollis etiam tincidunt ligula.   <\/p>\n<p>[\/et_pb_text][et_pb_button button_text=&#8220;Zobrazit relaci&#8220; _builder_version=&#8220;4.23.2&#8243; _module_preset=&#8220;9f0c9cba-d297-48e3-8d30-2da9ea1abe34&#8243; global_colors_info=&#8220;{}&#8220;][\/et_pb_button][\/et_pb_column][\/et_pb_row][et_pb_row _builder_version=&#8220;4.27.2&#8243; _module_preset=&#8220;default&#8220; custom_padding=&#8220;||3px|||&#8220; global_colors_info=&#8220;{}&#8220;][et_pb_column type=&#8220;4_4&#8243; _builder_version=&#8220;4.27.2&#8243; _module_preset=&#8220;default&#8220; global_colors_info=&#8220;{}&#8220;][et_pb_divider divider_style=&#8220;dotted&#8220; divider_weight=&#8220;5px&#8220; _builder_version=&#8220;4.27.2&#8243; _module_preset=&#8220;default&#8220; global_colors_info=&#8220;{}&#8220;][\/et_pb_divider][\/et_pb_column][\/et_pb_row][et_pb_row _builder_version=&#8220;4.23.2&#8243; _module_preset=&#8220;default&#8220; global_colors_info=&#8220;{}&#8220;][et_pb_column type=&#8220;4_4&#8243; _builder_version=&#8220;4.23.2&#8243; _module_preset=&#8220;default&#8220; global_colors_info=&#8220;{}&#8220;][et_pb_divider color=&#8220;rgba(71,11,87,0.24)&#8220; divider_style=&#8220;dotted&#8220; divider_weight=&#8220;5px&#8220; _builder_version=&#8220;4.27.2&#8243; _module_preset=&#8220;default&#8220; custom_margin=&#8220;||-2px|||&#8220; global_module=&#8220;251&#8243; saved_tabs=&#8220;all&#8220; global_colors_info=&#8220;{}&#8220;][\/et_pb_divider][et_pb_image src=&#8220;https:\/\/arttherapyfestival.org\/wp-content\/uploads\/2024\/10\/art-therapist-09.jpg&#8220; title_text=&#8220;arteterapeut-09&#8243; _builder_version=&#8220;4.24.2&#8243; _module_preset=&#8220;default&#8220; border_radii=&#8220;on|500px|500px|500px|500px&#8220; global_colors_info=&#8220;{}&#8220;][\/et_pb_image][et_pb_image src=&#8220;https:\/\/arttherapyfestival.org\/wp-content\/uploads\/2024\/10\/art-therapist-illustration-13-1.png&#8220; title_text=&#8220;arteterapeut-ilustrace-13-1&#8243; _builder_version=&#8220;4.24.2&#8243; _module_preset=&#8220;default&#8220; positioning=&#8220;absolute&#8220; width=&#8220;10%&#8220; global_colors_info=&#8220;{}&#8220;][\/et_pb_image][et_pb_image src=&#8220;https:\/\/arttherapyfestival.org\/wp-content\/uploads\/2024\/10\/art-therapist-illustration-11-1.png&#8220; title_text=&#8220;arteterapeut-ilustrace-11-1&#8243; show_bottom_space=&#8220;off&#8220; _builder_version=&#8220;4.24.2&#8243; _module_preset=&#8220;default&#8220; transform_translate=&#8220;20%|0px&#8220; transform_translate_linked=&#8220;off&#8220; positioning=&#8220;absolute&#8220; position_origin_a=&#8220;bottom_right&#8220; width=&#8220;20%&#8220; global_colors_info=&#8220;{}&#8220;][\/et_pb_image][\/et_pb_column][\/et_pb_row][\/et_pb_section][et_pb_section fb_built=&#8220;1&#8243; _builder_version=&#8220;4.27.2&#8243; _module_preset=&#8220;default&#8220; custom_padding=&#8220;4px|||||&#8220; da_disable_devices=&#8220;off|off|off&#8220; global_colors_info=&#8220;{}&#8220; da_is_popup=&#8220;off&#8220; da_exit_intent=&#8220;off&#8220; da_has_close=&#8220;on&#8220; da_alt_close=&#8220;off&#8220; da_dark_close=&#8220;off&#8220; da_not_modal=&#8220;on&#8220; da_is_singular=&#8220;off&#8220; da_with_loader=&#8220;off&#8220; da_has_shadow=&#8220;on&#8220;][et_pb_row _builder_version=&#8220;4.27.2&#8243; _module_preset=&#8220;default&#8220; custom_padding=&#8220;3px|||||&#8220; global_colors_info=&#8220;{}&#8220;][et_pb_column type=&#8220;4_4&#8243; _builder_version=&#8220;4.27.2&#8243; _module_preset=&#8220;default&#8220; global_colors_info=&#8220;{}&#8220;][et_pb_text _builder_version=&#8220;4.27.2&#8243; _module_preset=&#8220;4142a97c-2c4b-4047-b950-575fd9e75ca3&#8243; header_text_color=&#8220;#470B57&#8243; header_font_size=&#8220;40px&#8220; header_2_text_color=&#8220;gcid-d15821fb-ca65-4f29-bfd5-ea044f046af4&#8243; text_orientation=&#8220;center&#8220; custom_margin=&#8220;45px||45px||false|false&#8220; global_colors_info=&#8220;{%22gcid-d15821fb-ca65-4f29-bfd5-ea044f046af4%22:%91%22header_2_text_color%22%93}&#8220;]<\/p>\n<h1 style=\"text-align: left;\">Hlavn\u00ed \u0159e\u010dn\u00edci<\/h1>\n<p>[\/et_pb_text][dipl_team_grid posts_number=&#8220;50&#8243; post_order=&#8220;ASC&#8220; post_order_by=&#8220;relevance&#8220; include_categories=&#8220;13&#8243; show_short_desc=&#8220;off&#8220; show_social_icon=&#8220;off&#8220; image_size=&#8220;full&#8220; onclick_trigger=&#8220;open_popup&#8220; select_layout=&#8220;layout2&#8243; number_of_columns=&#8220;3&#8243; _builder_version=&#8220;4.27.2&#8243; _module_preset=&#8220;default&#8220; name_level=&#8220;h4&#8243; name_font=&#8220;Poppins|600|||||||&#8220; name_font_size=&#8220;20px&#8220; designation_font=&#8220;Poppins|500|on||||||&#8220; designation_text_color=&#8220;gcid-heading-color&#8220; designation_font_size=&#8220;15px&#8220; border_radii_team_member_image_border=&#8220;on|30px|30px|30px|30px&#8220; global_colors_info=&#8220;{%22gcid-heading-color%22:%91%22designation_text_color%22%93}&#8220;][\/dipl_team_grid][\/et_pb_column][\/et_pb_row][\/et_pb_section][et_pb_section fb_built=&#8220;1&#8243; disabled_on=&#8220;on|on|on&#8220; admin_label=&#8220;Services&#8220; _builder_version=&#8220;4.27.2&#8243; _module_preset=&#8220;default&#8220; background_enable_color=&#8220;off&#8220; use_background_color_gradient=&#8220;on&#8220; background_color_gradient_stops=&#8220;#e8edf7 30%|#ffffff 100%&#8220; custom_padding=&#8220;||41px|||&#8220; da_disable_devices=&#8220;off|off|off&#8220; disabled=&#8220;on&#8220; locked=&#8220;off&#8220; collapsed=&#8220;on&#8220; global_colors_info=&#8220;{}&#8220; da_is_popup=&#8220;off&#8220; da_exit_intent=&#8220;off&#8220; da_has_close=&#8220;on&#8220; da_alt_close=&#8220;off&#8220; da_dark_close=&#8220;off&#8220; da_not_modal=&#8220;on&#8220; da_is_singular=&#8220;off&#8220; da_with_loader=&#8220;off&#8220; da_has_shadow=&#8220;on&#8220;][et_pb_row _builder_version=&#8220;4.23.2&#8243; _module_preset=&#8220;default&#8220; custom_margin=&#8220;7px|auto||auto||&#8220; global_colors_info=&#8220;{}&#8220;][et_pb_column type=&#8220;4_4&#8243; _builder_version=&#8220;4.23.2&#8243; _module_preset=&#8220;default&#8220; global_colors_info=&#8220;{}&#8220;][et_pb_image src=&#8220;https:\/\/arttherapyfestival.org\/wp-content\/uploads\/2024\/10\/ATF_graphic1.png&#8220; title_text=&#8220;ATF_graphic1&#8243; show_bottom_space=&#8220;off&#8220; _builder_version=&#8220;4.27.2&#8243; _module_preset=&#8220;default&#8220; transform_translate=&#8220;20%|0px&#8220; transform_translate_linked=&#8220;off&#8220; positioning=&#8220;absolute&#8220; position_origin_a=&#8220;bottom_right&#8220; width=&#8220;35%&#8220; global_colors_info=&#8220;{}&#8220;][\/et_pb_image][\/et_pb_column][\/et_pb_row][et_pb_row _builder_version=&#8220;4.27.2&#8243; _module_preset=&#8220;default&#8220; global_colors_info=&#8220;{}&#8220;][et_pb_column type=&#8220;4_4&#8243; _builder_version=&#8220;4.23.2&#8243; _module_preset=&#8220;default&#8220; global_colors_info=&#8220;{}&#8220;][et_pb_text _builder_version=&#8220;4.27.2&#8243; _module_preset=&#8220;4142a97c-2c4b-4047-b950-575fd9e75ca3&#8243; header_text_color=&#8220;gcid-d15821fb-ca65-4f29-bfd5-ea044f046af4&#8243; header_font_size=&#8220;40px&#8220; header_2_text_color=&#8220;gcid-d15821fb-ca65-4f29-bfd5-ea044f046af4&#8243; text_orientation=&#8220;center&#8220; custom_margin=&#8220;||10px||false|false&#8220; global_colors_info=&#8220;{%22gcid-d15821fb-ca65-4f29-bfd5-ea044f046af4%22:%91%22header_2_text_color%22,%22header_text_color%22%93}&#8220;]<\/p>\n<h1 style=\"text-align: left;\">Hlavn\u00ed t\u00e9mata<\/h1>\n<p>[\/et_pb_text][et_pb_text _builder_version=&#8220;4.27.2&#8243; _module_preset=&#8220;cfa0fff5-7cbd-45e6-8254-6ab4743daddd&#8220; text_font=&#8220;Poppins||||||||&#8220; text_text_color=&#8220;gcid-d15821fb-ca65-4f29-bfd5-ea044f046af4&#8243; text_orientation=&#8220;center&#8220; custom_margin=&#8220;18px|||||&#8220; global_colors_info=&#8220;{%22gcid-d15821fb-ca65-4f29-bfd5-ea044f046af4%22:%91%22text_text_color%22%93}&#8220;]<\/p>\n<p style=\"text-align: left;\">Sekce Hlavn\u00ed t\u00e9mata festivalu arteterapie upozor\u0148uje na kl\u00ed\u010dov\u00e1 t\u00e9mata a diskuse, kter\u00e9 dnes formuj\u00ed obor arteterapie.<br \/>\u00da\u010dastn\u00edci se mohou sezn\u00e1mit s r\u016fznorod\u00fdmi t\u00e9maty:<\/p>\n<p>[\/et_pb_text][\/et_pb_column][\/et_pb_row][et_pb_row column_structure=&#8220;1_3,1_3,1_3&#8243; _builder_version=&#8220;4.27.2&#8243; _module_preset=&#8220;default&#8220; locked=&#8220;off&#8220; global_colors_info=&#8220;{}&#8220;][et_pb_column type=&#8220;1_3&#8243; _builder_version=&#8220;4.23.2&#8243; _module_preset=&#8220;default&#8220; global_colors_info=&#8220;{}&#8220;][et_pb_blurb title=&#8220;Mezilidsk\u00e9 vztahy a komunikace&#8220; image=&#8220;https:\/\/arttherapyfestival.org\/wp-content\/uploads\/2024\/10\/Art-Therapist-15-1.png&#8220; _builder_version=&#8220;4.27.2&#8243; _module_preset=&#8220;0c426343-491d-477b-9dbb-0af204d437a6&#8243; header_level=&#8220;h5&#8243; header_font=&#8220;Poppins|600|||||||&#8220; header_font_size=&#8220;24px&#8220; link_option_url=&#8220;#&#8220; locked=&#8220;off&#8220; global_colors_info=&#8220;{%22gcid-d15821fb-ca65-4f29-bfd5-ea044f046af4%22:%91%22header_text_color%22%93}&#8220;][\/et_pb_blurb][\/et_pb_column][et_pb_column type=&#8220;1_3&#8243; _builder_version=&#8220;4.23.2&#8243; _module_preset=&#8220;default&#8220; global_colors_info=&#8220;{}&#8220;][et_pb_blurb title=&#8220;Seberozvoj, sebeuv\u011bdom\u011bn\u00ed a sebed\u016fv\u011bra&#8220; image=&#8220;https:\/\/arttherapyfestival.org\/wp-content\/uploads\/2024\/10\/Art-Therapist-11-1.png&#8220; _builder_version=&#8220;4.27.2&#8243; _module_preset=&#8220;0c426343-491d-477b-9dbb-0af204d437a6&#8243; header_level=&#8220;h5&#8243; header_font=&#8220;Poppins|600|||||||&#8220; header_font_size=&#8220;24px&#8220; link_option_url=&#8220;#&#8220; locked=&#8220;off&#8220; global_colors_info=&#8220;{%22gcid-d15821fb-ca65-4f29-bfd5-ea044f046af4%22:%91%22header_text_color%22%93}&#8220;][\/et_pb_blurb][\/et_pb_column][et_pb_column type=&#8220;1_3&#8243; _builder_version=&#8220;4.23.2&#8243; _module_preset=&#8220;default&#8220; global_colors_info=&#8220;{}&#8220;][et_pb_blurb title=&#8220;Stres, vyho\u0159en\u00ed, relaxace a uvoln\u011bn\u00ed nap\u011bt\u00ed&#8220; image=&#8220;https:\/\/arttherapyfestival.org\/wp-content\/uploads\/2024\/10\/Art-Therapist-13-1.png&#8220; _builder_version=&#8220;4.27.2&#8243; _module_preset=&#8220;0c426343-491d-477b-9dbb-0af204d437a6&#8243; header_level=&#8220;h5&#8243; header_font=&#8220;Poppins|600|||||||&#8220; header_font_size=&#8220;24px&#8220; link_option_url=&#8220;#&#8220; locked=&#8220;off&#8220; global_colors_info=&#8220;{%22gcid-d15821fb-ca65-4f29-bfd5-ea044f046af4%22:%91%22header_text_color%22%93}&#8220;][\/et_pb_blurb][\/et_pb_column][\/et_pb_row][et_pb_row column_structure=&#8220;1_3,1_3,1_3&#8243; _builder_version=&#8220;4.24.2&#8243; _module_preset=&#8220;default&#8220; locked=&#8220;off&#8220; global_colors_info=&#8220;{}&#8220;][et_pb_column type=&#8220;1_3&#8243; _builder_version=&#8220;4.23.2&#8243; _module_preset=&#8220;default&#8220; global_colors_info=&#8220;{}&#8220;][et_pb_blurb title=&#8220;P\u0159\u00edtomn\u00fd okam\u017eik a virtualita&#8220; image=&#8220;https:\/\/arttherapyfestival.org\/wp-content\/uploads\/2024\/10\/Art-Therapist-14-1.png&#8220; _builder_version=&#8220;4.27.2&#8243; _module_preset=&#8220;0c426343-491d-477b-9dbb-0af204d437a6&#8243; header_level=&#8220;h5&#8243; header_font=&#8220;Poppins|600|||||||&#8220; header_font_size=&#8220;24px&#8220; link_option_url=&#8220;#&#8220; locked=&#8220;off&#8220; global_colors_info=&#8220;{%22gcid-d15821fb-ca65-4f29-bfd5-ea044f046af4%22:%91%22header_text_color%22%93}&#8220;][\/et_pb_blurb][\/et_pb_column][et_pb_column type=&#8220;1_3&#8243; _builder_version=&#8220;4.23.2&#8243; _module_preset=&#8220;default&#8220; global_colors_info=&#8220;{}&#8220;][et_pb_blurb title=&#8220;Psychosomatika&#8220; image=&#8220;https:\/\/arttherapyfestival.org\/wp-content\/uploads\/2024\/10\/Art-Therapist-12-1.png&#8220; _builder_version=&#8220;4.27.2&#8243; _module_preset=&#8220;0c426343-491d-477b-9dbb-0af204d437a6&#8243; header_level=&#8220;h5&#8243; header_font=&#8220;Poppins|600|||||||&#8220; header_font_size=&#8220;24px&#8220; link_option_url=&#8220;#&#8220; locked=&#8220;off&#8220; global_colors_info=&#8220;{%22gcid-d15821fb-ca65-4f29-bfd5-ea044f046af4%22:%91%22header_text_color%22%93}&#8220;][\/et_pb_blurb][\/et_pb_column][et_pb_column type=&#8220;1_3&#8243; _builder_version=&#8220;4.23.2&#8243; _module_preset=&#8220;default&#8220; global_colors_info=&#8220;{}&#8220;][\/et_pb_column][\/et_pb_row][et_pb_row _builder_version=&#8220;4.27.2&#8243; _module_preset=&#8220;default&#8220; custom_padding=&#8220;||10px|||&#8220; global_colors_info=&#8220;{}&#8220;][et_pb_column type=&#8220;4_4&#8243; _builder_version=&#8220;4.27.2&#8243; _module_preset=&#8220;default&#8220; global_colors_info=&#8220;{}&#8220;][et_pb_divider color=&#8220;rgba(71,11,87,0.24)&#8220; divider_style=&#8220;dotted&#8220; divider_weight=&#8220;5px&#8220; _builder_version=&#8220;4.27.2&#8243; _module_preset=&#8220;default&#8220; custom_margin=&#8220;||-2px|||&#8220; global_module=&#8220;251&#8243; saved_tabs=&#8220;all&#8220; global_colors_info=&#8220;{}&#8220;][\/et_pb_divider][et_pb_text _builder_version=&#8220;4.27.2&#8243; _module_preset=&#8220;4142a97c-2c4b-4047-b950-575fd9e75ca3&#8243; header_text_color=&#8220;#470B57&#8243; header_font_size=&#8220;40px&#8220; header_2_text_color=&#8220;gcid-d15821fb-ca65-4f29-bfd5-ea044f046af4&#8243; text_orientation=&#8220;center&#8220; custom_margin=&#8220;25px||10px||false|false&#8220; global_colors_info=&#8220;{%22gcid-d15821fb-ca65-4f29-bfd5-ea044f046af4%22:%91%22header_2_text_color%22%93}&#8220;]<\/p>\n<h1 style=\"text-align: left;\">V\u00fdzva k p\u0159edkl\u00e1d\u00e1n\u00ed abstrakt\u016f<\/h1>\n<p>[\/et_pb_text][et_pb_text _builder_version=&#8220;4.27.2&#8243; _module_preset=&#8220;cfa0fff5-7cbd-45e6-8254-6ab4743daddd&#8220; text_font=&#8220;Poppins||||||||&#8220; text_text_color=&#8220;gcid-d15821fb-ca65-4f29-bfd5-ea044f046af4&#8243; text_orientation=&#8220;center&#8220; custom_margin=&#8220;29px||4px|||&#8220; custom_padding=&#8220;||0px|||&#8220; global_colors_info=&#8220;{%22gcid-d15821fb-ca65-4f29-bfd5-ea044f046af4%22:%91%22text_text_color%22%93}&#8220;]<\/p>\n<ul>\n<li style=\"list-style-type: none;\">\n<ul>\n<li style=\"list-style-type: none;\">\n<ul>\n<li style=\"text-align: left;\">Mezilidsk\u00e9 vztahy a komunikace<\/li>\n<li style=\"text-align: left;\">Seberozvoj, sebepozn\u00e1n\u00ed a sebev\u011bdom\u00ed<\/li>\n<li style=\"text-align: left;\">Stres, vyho\u0159en\u00ed, relaxace a uvoln\u011bn\u00ed<\/li>\n<li style=\"text-align: left;\">P\u0159\u00edtomn\u00fd okam\u017eik a virtu\u00e1ln\u00ed realita<\/li>\n<li style=\"text-align: left;\">Psychosomatika<\/li>\n<li style=\"text-align: left;\">V\u00fdzkum, klinick\u00e9 aplikace, vzd\u011bl\u00e1v\u00e1n\u00ed, publikace<\/li>\n<li style=\"text-align: left;\">Arteterapie a rodina<\/li>\n<li style=\"text-align: left;\">Arteterapie v r\u016fzn\u00fdch kulturn\u00edch kontextech<\/li>\n<li style=\"text-align: left;\">Metody, inovativn\u00ed p\u0159\u00edstupy a budoucnost arteterapie<\/li>\n<li style=\"text-align: left;\">Etick\u00e9 ot\u00e1zky v terapeutick\u00e9m procesu<\/li>\n<\/ul>\n<\/li>\n<\/ul>\n<\/li>\n<\/ul>\n<p>[\/et_pb_text][et_pb_blurb use_icon=&#8220;on&#8220; font_icon=&#8220;&#xe027;||divi||400&#8243; icon_placement=&#8220;left&#8220; image_icon_width=&#8220;27px&#8220; content_max_width=&#8220;100%&#8220; _builder_version=&#8220;4.27.2&#8243; _module_preset=&#8220;default&#8220; body_line_height=&#8220;2.3em&#8220; background_color=&#8220;#f4fbff&#8220; image_icon_custom_margin=&#8220;5px||||false|false&#8220; custom_margin=&#8220;||||false|false&#8220; custom_padding=&#8220;20px|20px|20px|20px|false|false&#8220; border_radii=&#8220;on|20px|20px|20px|20px&#8220; global_module=&#8220;563&#8243; saved_tabs=&#8220;all&#8220; global_colors_info=&#8220;{}&#8220;]<\/p>\n<p><strong><em>The festival will be translated between English and Czech to ensure accessibility for all participants.<br \/><\/em><\/strong><\/p>\n<p>[\/et_pb_blurb][\/et_pb_column][\/et_pb_row][\/et_pb_section][et_pb_section fb_built=&#8220;1&#8243; disabled_on=&#8220;on|on|on&#8220; admin_label=&#8220;Call to Action&#8220; _builder_version=&#8220;4.27.2&#8243; _module_preset=&#8220;default&#8220; custom_padding=&#8220;7px|||||&#8220; da_disable_devices=&#8220;off|off|off&#8220; disabled=&#8220;on&#8220; collapsed=&#8220;on&#8220; global_colors_info=&#8220;{}&#8220; da_is_popup=&#8220;off&#8220; da_exit_intent=&#8220;off&#8220; da_has_close=&#8220;on&#8220; da_alt_close=&#8220;off&#8220; da_dark_close=&#8220;off&#8220; da_not_modal=&#8220;on&#8220; da_is_singular=&#8220;off&#8220; da_with_loader=&#8220;off&#8220; da_has_shadow=&#8220;on&#8220;][et_pb_row column_structure=&#8220;1_2,1_2&#8243; _builder_version=&#8220;4.23.2&#8243; _module_preset=&#8220;default&#8220; global_colors_info=&#8220;{}&#8220;][et_pb_column type=&#8220;1_2&#8243; _builder_version=&#8220;4.23.2&#8243; _module_preset=&#8220;default&#8220; global_colors_info=&#8220;{}&#8220;][et_pb_accordion open_toggle_background_color=&#8220;gcid-ae2718f9-596d-4e4c-a089-a3606cb7bdc2&#8243; closed_toggle_background_color=&#8220;RGBA(255,255,255,0)&#8220; toggle_icon=&#8220;&#xf078;||fa||900&#8243; icon_color=&#8220;gcid-d15821fb-ca65-4f29-bfd5-ea044f046af4&#8243; _builder_version=&#8220;4.27.2&#8243; _module_preset=&#8220;default&#8220; toggle_text_color=&#8220;gcid-d15821fb-ca65-4f29-bfd5-ea044f046af4&#8243; toggle_font=&#8220;Barlow|600|||||||&#8220; toggle_font_size=&#8220;20px&#8220; toggle_line_height=&#8220;1.4em&#8220; body_font=&#8220;Barlow||||||||&#8220; body_text_color=&#8220;gcid-d15821fb-ca65-4f29-bfd5-ea044f046af4&#8243; body_font_size=&#8220;16px&#8220; body_line_height=&#8220;1.8em&#8220; toggle_font_size_tablet=&#8220;16px&#8220; toggle_font_size_phone=&#8220;14px&#8220; toggle_font_size_last_edited=&#8220;on|desktop&#8220; body_font_size_tablet=&#8220;15px&#8220; body_font_size_phone=&#8220;14px&#8220; body_font_size_last_edited=&#8220;on|desktop&#8220; border_width_all=&#8220;0px&#8220; locked=&#8220;off&#8220; global_colors_info=&#8220;{%22gcid-d15821fb-ca65-4f29-bfd5-ea044f046af4%22:%91%22icon_color%22,%22toggle_text_color%22,%22body_text_color%22%93,%22gcid-ae2718f9-596d-4e4c-a089-a3606cb7bdc2%22:%91%22open_toggle_background_color%22%93}&#8220;][et_pb_accordion_item title=&#8220;Tanec&#8220; open=&#8220;on&#8220; _builder_version=&#8220;4.27.2&#8243; _module_preset=&#8220;default&#8220; global_colors_info=&#8220;{}&#8220;]<\/p>\n<p>Lorem ipsum dolor sit amet, consectetur adipiscing elit. Donec sed finibus nisi, sed dictum eros. Quisque aliquet velit sit amet sem interdum faucibus. In feugiat aliquet mollis. Et  <\/p>\n<p>[\/et_pb_accordion_item][et_pb_accordion_item title=&#8220;Hudba&#8220; _builder_version=&#8220;4.27.2&#8243; _module_preset=&#8220;default&#8220; global_colors_info=&#8220;{}&#8220; open=&#8220;off&#8220;]<\/p>\n<p>Curabitur non bibendum ligula. In non pulvinar purus. Curabitur nisi odio, blandit et elit at, suscipit pharetra elit. Fusce ut mauris quam. Quisque lacinia quam eu commodo mollis.    <\/p>\n<p>[\/et_pb_accordion_item][et_pb_accordion_item title=&#8220;Obrazy&#8220; _builder_version=&#8220;4.27.2&#8243; _module_preset=&#8220;default&#8220; global_colors_info=&#8220;{}&#8220; open=&#8220;off&#8220;]<\/p>\n<p>Etiam quis blandit erat. Donec laoreet libero non metus volutpat consequat in vel metus. Sed non augue id felis pellentesque congue et vitae tellus. Donec ullamcorper libero nisl, nec   <\/p>\n<p>[\/et_pb_accordion_item][et_pb_accordion_item title=&#8220;Drama&#8220; _builder_version=&#8220;4.27.2&#8243; _module_preset=&#8220;default&#8220; global_colors_info=&#8220;{}&#8220; open=&#8220;off&#8220;]<\/p>\n<p>Vivamus id gravida mi, nec ullamcorper purus. Suspendisse ut nibh sagittis lacus viverra aliquam. Praesent ac lobortis mauris, non im  <\/p>\n<p>[\/et_pb_accordion_item][\/et_pb_accordion][\/et_pb_column][et_pb_column type=&#8220;1_2&#8243; _builder_version=&#8220;4.23.2&#8243; _module_preset=&#8220;default&#8220; global_colors_info=&#8220;{}&#8220;][et_pb_image src=&#8220;https:\/\/arttherapyfestival.org\/wp-content\/uploads\/2024\/10\/art-therapist-mask-01-1.png&#8220; title_text=&#8220;arteterapeut-05&#8243; _builder_version=&#8220;4.24.2&#8243; _module_preset=&#8220;default&#8220; background_image=&#8220;https:\/\/arttherapyfestival.org\/wp-content\/uploads\/2024\/10\/art-therapist-05.jpg&#8220; global_colors_info=&#8220;{}&#8220;][\/et_pb_image][et_pb_image src=&#8220;https:\/\/arttherapyfestival.org\/wp-content\/uploads\/2024\/10\/art-therapist-illustration-12-1.png&#8220; title_text=&#8220;arteterapeut-ilustrace-12-1&#8243; _builder_version=&#8220;4.24.2&#8243; _module_preset=&#8220;default&#8220; positioning=&#8220;absolute&#8220; width=&#8220;50%&#8220; mix_blend_mode=&#8220;multiply&#8220; global_colors_info=&#8220;{}&#8220;][\/et_pb_image][\/et_pb_column][\/et_pb_row][\/et_pb_section]<\/p>\n","protected":false},"excerpt":{"rendered":"<p>PRODLOU\u017dEN\u00c1 LH\u016eTA PRO V\u010cASNOU REGISTRACIJE ZVE\u0158EJN\u011aN PODROBN\u00dd INTERAKTIVN\u00cd PROGRAMD\u011bkujeme v\u00e1m za va\u0161i \u00fa\u010dast na Sv\u011btov\u00e9m festivalu arteterapie - va\u0161e energie a kreativita p\u0159isp\u011bly k tomu, \u017ee byl nezapomenuteln\u00fd!\u2714 Inspirativn\u00ed program pod veden\u00edm uzn\u00e1van\u00fdch 46 odborn\u00edk\u016f v oblasti hudby, um\u011bn\u00ed, dramatu a tance.\u2714 Profesn\u00ed akreditace od MAUT(MAUT\/o\/WATF25\/01\/01\/25)\u2714 Slu\u017eby profesn\u00edho poradenstv\u00ed a osobn\u00edho rozvoje na m\u00edst\u011b\u2714 Welcome [&hellip;]<\/p>\n","protected":false},"author":1,"featured_media":0,"parent":0,"menu_order":0,"comment_status":"closed","ping_status":"closed","template":"","meta":{"_et_pb_use_builder":"on","_et_pb_old_content":"","_et_gb_content_width":"","footnotes":""},"class_list":["post-992","page","type-page","status-publish","hentry"],"_links":{"self":[{"href":"https:\/\/arttherapyfestival.org\/cs\/wp-json\/wp\/v2\/pages\/992","targetHints":{"allow":["GET"]}}],"collection":[{"href":"https:\/\/arttherapyfestival.org\/cs\/wp-json\/wp\/v2\/pages"}],"about":[{"href":"https:\/\/arttherapyfestival.org\/cs\/wp-json\/wp\/v2\/types\/page"}],"author":[{"embeddable":true,"href":"https:\/\/arttherapyfestival.org\/cs\/wp-json\/wp\/v2\/users\/1"}],"replies":[{"embeddable":true,"href":"https:\/\/arttherapyfestival.org\/cs\/wp-json\/wp\/v2\/comments?post=992"}],"version-history":[{"count":107,"href":"https:\/\/arttherapyfestival.org\/cs\/wp-json\/wp\/v2\/pages\/992\/revisions"}],"predecessor-version":[{"id":2576,"href":"https:\/\/arttherapyfestival.org\/cs\/wp-json\/wp\/v2\/pages\/992\/revisions\/2576"}],"wp:attachment":[{"href":"https:\/\/arttherapyfestival.org\/cs\/wp-json\/wp\/v2\/media?parent=992"}],"curies":[{"name":"wp","href":"https:\/\/api.w.org\/{rel}","templated":true}]}}